{"id":39,"date":"2022-12-15T16:27:45","date_gmt":"2022-12-15T15:27:45","guid":{"rendered":"http:\/\/leiho.fr\/?page_id=39"},"modified":"2025-08-01T10:29:53","modified_gmt":"2025-08-01T08:29:53","slug":"home","status":"publish","type":"page","link":"https:\/\/leiho.fr\/","title":{"rendered":"Home"},"content":{"rendered":"\n<div class=\"wp-block-group is-vertical is-content-justification-center is-layout-flex wp-container-core-group-is-layout-4b2eccd6 wp-block-group-is-layout-flex\">\n<p class=\"has-text-align-center has-white-color has-text-color has-large-font-size\" style=\"font-style:normal;font-weight:900\">D\u00e9couvrez le premier album !<\/p>\n<\/div>\n\n\n<div class=\"wp-block-image\">\n<figure class=\"aligncenter size-full\"><img loading=\"lazy\" decoding=\"async\" width=\"1200\" height=\"628\" src=\"http:\/\/leiho.fr\/wp-content\/uploads\/2024\/04\/Cycle-disponible-bandeau.png\" alt=\"\" class=\"wp-image-262\" srcset=\"https:\/\/leiho.fr\/wp-content\/uploads\/2024\/04\/Cycle-disponible-bandeau.png 1200w, https:\/\/leiho.fr\/wp-content\/uploads\/2024\/04\/Cycle-disponible-bandeau-300x157.png 300w, https:\/\/leiho.fr\/wp-content\/uploads\/2024\/04\/Cycle-disponible-bandeau-1024x536.png 1024w, https:\/\/leiho.fr\/wp-content\/uploads\/2024\/04\/Cycle-disponible-bandeau-768x402.png 768w\" sizes=\"auto, (max-width: 1200px) 100vw, 1200px\" \/><\/figure>\n<\/div>\n\n\n<figure class=\"wp-block-embed is-type-rich is-provider-spotify wp-block-embed-spotify wp-embed-aspect-21-9 wp-has-aspect-ratio\"><div class=\"wp-block-embed__wrapper\">\n<iframe title=\"Spotify Embed: Cycle\" style=\"border-radius: 12px\" width=\"100%\" height=\"352\" frameborder=\"0\" allowfullscreen allow=\"autoplay; clipboard-write; encrypted-media; fullscreen; picture-in-picture\" loading=\"lazy\" src=\"https:\/\/open.spotify.com\/embed\/album\/3UjMROsElCj2SZiDVHdj4L?si=ci-yVEYeSKqWPTnauFeBfA&#038;utm_source=oembed\"><\/iframe>\n<\/div><\/figure>\n\n\n\n<div class=\"wp-block-buttons is-content-justification-center is-layout-flex wp-container-core-buttons-is-layout-16018d1d wp-block-buttons-is-layout-flex\">\n<div class=\"wp-block-button\"><a class=\"wp-block-button__link has-black-color has-white-background-color has-text-color has-background has-link-color wp-element-button\" href=\"https:\/\/bfan.link\/cycle-1\">\u00c9couter<\/a><\/div>\n<\/div>\n\n\n\n<hr class=\"wp-block-separator has-alpha-channel-opacity\"\/>\n\n\n\n<div class=\"wp-block-group is-vertical is-content-justification-center is-layout-flex wp-container-core-group-is-layout-4b2eccd6 wp-block-group-is-layout-flex\">\n<p class=\"has-text-align-center has-text-color has-large-font-size\" style=\"color:#ece1cd;font-style:normal;font-weight:900\">NOUVEAU CLIP MULTILOVE <\/p>\n\n\n\n<hr class=\"wp-block-separator has-alpha-channel-opacity\"\/>\n<\/div>\n\n\n\n<div class=\"wp-block-columns is-layout-flex wp-container-core-columns-is-layout-9d6595d7 wp-block-columns-is-layout-flex\">\n<div class=\"wp-block-column is-layout-flow wp-block-column-is-layout-flow\">\n<figure class=\"wp-block-embed is-type-video is-provider-youtube wp-block-embed-youtube wp-embed-aspect-16-9 wp-has-aspect-ratio\"><div class=\"wp-block-embed__wrapper\">\n<iframe loading=\"lazy\" title=\"Leiho - Multilove (clip officiel)\" width=\"920\" height=\"518\" src=\"https:\/\/www.youtube.com\/embed\/aMGluva4P7M?feature=oembed\" frameborder=\"0\" allow=\"accelerometer; autoplay; clipboard-write; encrypted-media; gyroscope; picture-in-picture; web-share\" referrerpolicy=\"strict-origin-when-cross-origin\" allowfullscreen><\/iframe>\n<\/div><\/figure>\n<\/div>\n<\/div>\n\n\n\n<hr class=\"wp-block-separator has-alpha-channel-opacity\"\/>\n\n\n\n<hr class=\"wp-block-separator has-alpha-channel-opacity\"\/>\n\n\n\n<div class=\"wp-block-group has-white-color has-text-color has-link-color wp-elements-9da5cb89e431755399c97a660a85b524 is-vertical is-content-justification-center is-layout-flex wp-container-core-group-is-layout-4b2eccd6 wp-block-group-is-layout-flex\">\n<div class=\"wp-block-group has-small-font-size\"><div class=\"wp-block-group__inner-container is-layout-constrained wp-block-group-is-layout-constrained\">\n<p class=\"has-text-align-center has-text-color has-large-font-size\" style=\"color:#ece1cd;font-style:normal;font-weight:900\">CONCERTS 2025<\/p>\n\n\n\n<p class=\"has-text-align-center has-text-color has-link-color has-normal-font-size wp-elements-9c689ce810033a77f7f5f097452ccc9d\" style=\"color:#ece1cd\"><s>14\/02\/25&nbsp;: Concert en solo \u2013 Draveil (91)<\/s><\/p>\n\n\n\n<p class=\"has-text-align-center has-text-color has-link-color has-normal-font-size wp-elements-0e4f0d8a11e037c3d7af2d16ed3e5157\" style=\"color:#ece1cd\"><s>05\/04\/25&nbsp;: Premi\u00e8re partie de Five \u2013 Saint-Ouen-sur-Iton (61)<\/s><\/p>\n\n\n\n<p class=\"has-text-align-center has-text-color has-link-color has-normal-font-size wp-elements-115d0f1edf502fc60d42122aec020aa1\" style=\"color:#ece1cd\"><s>16\/06\/25 : Concert F\u00eate de La Musique (solo) \u2013 CASI des cheminots, Tours (37)<\/s><\/p>\n\n\n\n<p class=\"has-text-align-center has-text-color has-link-color has-normal-font-size wp-elements-5bd6bdad85461a0ec2183e34503cb881\" style=\"color:#ece1cd\"><s>17\/06\/25 : Concert F\u00eate de La Musique (solo) \u2013 CASI des cheminots, Saint-Pierre-des-Corps (37)<\/s><\/p>\n\n\n\n<p class=\"has-text-align-center has-text-color has-link-color has-normal-font-size wp-elements-bb4c9c8988e7f4bbc65488bd82299808\" style=\"color:#ece1cd\"><s>18\/06\/25 : Concert F\u00eate de La Musique (solo) \u2013 CASI des cheminots, Saint-Pierre-des-Corps (37)<\/s><\/p>\n\n\n\n<p class=\"has-text-align-center has-text-color has-link-color has-normal-font-size wp-elements-bda5b062615a8e7e5331695943b689b7\" style=\"color:#ece1cd\"><s>19\/06\/25 : Concert F\u00eate de La Musique (solo) \u2013 CASI des cheminots, Fleury-les-Aubrais (45)<\/s><\/p>\n\n\n\n<p class=\"has-text-align-center has-text-color has-link-color has-normal-font-size wp-elements-51d90d8aee812ea8f7544c46dc1a10e5\" style=\"color:#ece1cd\"><s>21\/06\/25 : Concert priv\u00e9 (61)<\/s><\/p>\n\n\n\n<p class=\"has-text-align-center has-text-color has-link-color has-normal-font-size wp-elements-80daa487dd6c6d28500ddda540db8c8b\" style=\"color:#ece1cd\"><strong>03\/07\/25 : Concert (solo) \u2013 Hano\u00ef C\u00e0 Ph\u00ea, Paris 09 (75)<\/strong><\/p>\n\n\n\n<p class=\"has-text-align-center has-text-color has-link-color has-normal-font-size wp-elements-0bd0908770efa72b8b26829f3b2a100a\" style=\"color:#ece1cd\"><strong>04\/07\/25&nbsp;: Concert de l\u2019\u00e9t\u00e9 (solo) \u2013 Reignac-sur-Indre (37)<\/strong><\/p>\n\n\n\n<p class=\"has-text-align-center has-text-color has-link-color has-normal-font-size wp-elements-ba62cf4c4b6400550156599f8d925d31\" style=\"color:#ece1cd\"><strong>11\/07\/25 : Guinguette de Maletrenne (solo) \u2013 FJT L\u2019ASHAJ, Amboise (41)<\/strong><\/p>\n\n\n\n<p class=\"has-text-align-center has-text-color has-link-color has-normal-font-size wp-elements-0e07186821cc30c0aa54398ba2b24d59\" style=\"color:#ece1cd\"><strong>12\/07\/25 : Domaine de Rochebois (solo) \u2013 Vitrac (24)<\/strong><\/p>\n\n\n\n<p class=\"has-text-align-center has-text-color has-link-color has-normal-font-size wp-elements-8fb17d9b3b9e3068fa676e69faf23489\" style=\"color:#ece1cd\"><strong>13\/07\/25&nbsp;: Domaine des Dryades (solo) Pouligny-Notre-Dame (36)<\/strong><\/p>\n\n\n\n<p class=\"has-text-align-center has-text-color has-link-color has-normal-font-size wp-elements-85d0e7f85bbddeb352e14130c99d5723\" style=\"color:#ece1cd\"><strong>24\/07\/25 : Jump Fest (solo), 37e parall\u00e8le \u2013 Tours (37)<\/strong><\/p>\n\n\n\n<p class=\"has-text-align-center has-text-color has-link-color has-normal-font-size wp-elements-ad1e167a204193bea621da494335fca1\" style=\"color:#ece1cd\"><strong>26\/07\/25 : Domaine de Rochebois (solo) \u2013 Vitrac (24)<\/strong> <\/p>\n\n\n\n<p class=\"has-text-align-center has-text-color has-link-color has-normal-font-size wp-elements-b48be338c6d0fcd97bd07bc671381f18\" style=\"color:#ece1cd\"><strong>08\/08\/25 : Comptoir Des Arts (trio) &#8211; Tours (37)<\/strong><\/p>\n\n\n\n<p class=\"has-text-align-center has-text-color has-link-color has-normal-font-size wp-elements-a3735993587e964506d45af13c1892b3\" style=\"color:#ece1cd\"><strong>28\/08\/25 : Gar\u00e7on La Note (trio) \u2013 Saint-Martin-du-Tertre (89)<\/strong><\/p>\n\n\n\n<p class=\"has-text-align-center has-text-color has-link-color has-normal-font-size wp-elements-1601a9a1fa72bdc8f1470dec772b4e03\" style=\"color:#ece1cd\"><strong>29\/08\/25 : Gar\u00e7on La Note (solo) \u2013 Gingembre Rouge , Venoy (89)<\/strong><\/p>\n\n\n\n<p class=\"has-text-align-center has-text-color has-link-color has-normal-font-size wp-elements-1d177482c8a26693e414b84710e7b3c5\" style=\"color:#ece1cd\"><\/p>\n\n\n\n<p><\/p>\n<\/div><\/div>\n\n\n\n<hr \/>\n<p style=\"text-align: center;\">\n<\/div>\n\n\n\n<div class=\"wp-block-buttons is-content-justification-center is-layout-flex wp-container-core-buttons-is-layout-16018d1d wp-block-buttons-is-layout-flex\">\n<div class=\"wp-block-button is-style-fill\"><a class=\"wp-block-button__link has-black-color has-text-color has-background has-link-color has-text-align-center has-custom-font-size wp-element-button\" href=\"https:\/\/bnds.us\/wzc9z5\" style=\"border-radius:82px;background-color:#ece1cd;font-size:23px\" target=\"_blank\" rel=\"noreferrer noopener\"><strong>TICKETS<\/strong><\/a><\/div>\n<\/div>\n\n\n","protected":false},"excerpt":{"rendered":"<p>D\u00e9couvrez le premier album ! NOUVEAU CLIP MULTILOVE CONCERTS 2025 14\/02\/25&nbsp;: Concert en solo \u2013 Draveil (91) 05\/04\/25&nbsp;: Premi\u00e8re partie de Five \u2013 Saint-Ouen-sur-Iton (61) 16\/06\/25 : Concert F\u00eate de<\/p>\n<p class=\"more-link\"><a href=\"https:\/\/leiho.fr\/\" class=\"readmore\">Continue reading<svg class=\"icon icon-arrow-right\" aria-hidden=\"true\" role=\"img\"> <use href=\"#icon-arrow-right\" xlink:href=\"#icon-arrow-right\"><\/use> <\/svg><span class=\"screen-reader-text\">Home<\/span><\/a><\/p>\n","protected":false},"author":1,"featured_media":0,"parent":0,"menu_order":0,"comment_status":"closed","ping_status":"closed","template":"","meta":{"footnotes":""},"class_list":["post-39","page","type-page","status-publish","hentry"],"_links":{"self":[{"href":"https:\/\/leiho.fr\/index.php\/wp-json\/wp\/v2\/pages\/39","targetHints":{"allow":["GET"]}}],"collection":[{"href":"https:\/\/leiho.fr\/index.php\/wp-json\/wp\/v2\/pages"}],"about":[{"href":"https:\/\/leiho.fr\/index.php\/wp-json\/wp\/v2\/types\/page"}],"author":[{"embeddable":true,"href":"https:\/\/leiho.fr\/index.php\/wp-json\/wp\/v2\/users\/1"}],"replies":[{"embeddable":true,"href":"https:\/\/leiho.fr\/index.php\/wp-json\/wp\/v2\/comments?post=39"}],"version-history":[{"count":54,"href":"https:\/\/leiho.fr\/index.php\/wp-json\/wp\/v2\/pages\/39\/revisions"}],"predecessor-version":[{"id":317,"href":"https:\/\/leiho.fr\/index.php\/wp-json\/wp\/v2\/pages\/39\/revisions\/317"}],"wp:attachment":[{"href":"https:\/\/leiho.fr\/index.php\/wp-json\/wp\/v2\/media?parent=39"}],"curies":[{"name":"wp","href":"https:\/\/api.w.org\/{rel}","templated":true}]}}